{"id":3,"date":"2020-04-21T22:11:18","date_gmt":"2020-04-21T20:11:18","guid":{"rendered":"https:\/\/www.die-lautmalerei.de\/?page_id=3"},"modified":"2022-01-31T17:13:28","modified_gmt":"2022-01-31T16:13:28","slug":"datenschutzerklaerung","status":"publish","type":"page","link":"https:\/\/www.die-lautmalerei.de\/?page_id=3","title":{"rendered":"Datenschutzerkl\u00e4rung"},"content":{"rendered":"\n<h2 class=\"wp-block-heading\" id=\"grundlegendes\">Grundlegendes<\/h2>\n\n\n\n<p>Diese Datenschutzerkl\u00e4rung soll die Nutzer dieser Website \u00fcber die Art, den Umfang und den Zweck der Erhebung und Verwendung personenbezogener Daten durch die Website-Betreiberin Maria Milbert (kontakt@die-lautmalerei.de) informieren.<\/p>\n\n\n\n<p>Ich nehme nimmt Ihren Datenschutz sehr ernst und behandele Ihre personenbezogenen Daten vertraulich und entsprechend der gesetzlichen Vorschriften. Da durch neue Technologien und die st\u00e4ndige Weiterentwicklung dieser Website \u00c4nderungen an dieser Datenschutzerkl\u00e4rung vorgenommen werden k\u00f6nnen, empfehlen wir Ihnen sich die Datenschutzerkl\u00e4rung in regelm\u00e4\u00dfigen Abst\u00e4nden wieder durchzulesen.<\/p>\n\n\n\n<p>Definitionen der verwendeten Begriffe (z.B. \u201cpersonenbezogene Daten\u201d oder \u201cVerarbeitung\u201d) finden Sie in Art. 4 DSGVO.<\/p>\n\n\n\n<h2 class=\"wp-block-heading\" id=\"zugriffsdaten\">Zugriffsdaten<\/h2>\n\n\n\n<p>Aufgrund meines berechtigten Interesses (s. Art. 6 Abs. 1 lit. f. DSGVO) erhebe ich Daten \u00fcber Zugriffe auf die Website und speichere diese als \u201eServer-Logfiles\u201c auf dem Server der Website ab. Folgende Daten werden so protokolliert:<\/p>\n\n\n\n<ul class=\"wp-block-list\"><li>Besuchte Website<\/li><li>Uhrzeit zum Zeitpunkt des Zugriffes<\/li><li>Menge der gesendeten Daten in Byte<\/li><li>Quelle\/Verweis, von welchem Sie auf die Seite gelangten<\/li><li>Verwendeter Browser<\/li><li>Verwendetes Betriebssystem<\/li><li>Verwendete IP-Adresse<\/li><\/ul>\n\n\n\n<p>Die Server-Logfiles werden f\u00fcr maximal 10 Tage gespeichert und anschlie\u00dfend gel\u00f6scht. Die Speicherung der Daten erfolgt aus Sicherheitsgr\u00fcnden, um z. B. Missbrauchsf\u00e4lle aufkl\u00e4ren zu k\u00f6nnen. M\u00fcssen Daten aus Beweisgr\u00fcnden aufgehoben werden, sind sie solange von der L\u00f6schung ausgenommen bis der Vorfall endg\u00fcltig gekl\u00e4rt ist.<\/p>\n\n\n\n<h2 class=\"wp-block-heading\" id=\"analysedienst\">Analysedienst<\/h2>\n\n\n\n<p><\/p>\n\n\n\n<p>F\u00fcr diese Website benutze ich das WordPress-Analyse-Plugin &#8222;Visitors Traffic Real Time Statistics&#8220;. Der Anbieter dieses Plugins ist wp-buy.com. Aus den Daten, die oben auch unter &#8222;Zugriffsdaten&#8220; genannt wurden, werden in anonymisierter Form simple Statistiken erstellt. Diese dienen einer Analyse der Website-Nutzung und der Reichweite der Seite. Dazu werden keine Nutzungsprofile erzeugt und auch keine Cookies gesetzt. S\u00e4mtliche durch das Plugin erhobenen Daten werden vollst\u00e4ndig anonymisiert auf diesem Webserver gespeichert. <\/p>\n\n\n\n<h2 class=\"wp-block-heading\" id=\"funktionale-services\">Funktionale Services<\/h2>\n\n\n\n<p>Funktionale Services sind notwendig, um \u00fcber die wesentliche Funktionalit\u00e4t der Website hinausgehende Features wie h\u00fcbschere Schriftarten, Videowiedergabe oder interaktive Web 2.0-Features bereitzustellen. Inhalte von z.B. Video- und Social Media-Plattformen sind standardm\u00e4\u00dfig gesperrt und k\u00f6nnen zugestimmt werden. Wenn dem Service zugestimmt wird, werden diese Inhalte automatisch ohne weitere manuelle Einwilligung geladen<\/p>\n\n\n\n<h3 class=\"wp-block-heading\" id=\"schriften-webfonts\">Schriften\/Webfonts<\/h3>\n\n\n\n<p><\/p>\n\n\n\n<p>Auf dieser Website verwende ich externe Schriften in Form von Google Fonts. Das ist ein Dienst von Google bzw. der Google Inc. Zur Einbindung dieser Schriftarten erfolgt ein Serveraufruf, in der Regel ein US-Server von Google. An den Server wird \u00fcbermittelt, welche Website(s) Sie besucht haben. Dar\u00fcber hinaus wird die IP-Adresse des Browsers Ihres Endger\u00e4tes von Google gespeichert. N\u00e4heres dazu finden Sie in den Datenschutzhinweisen von Google:<br><a href=\"https:\/\/www.google.com\/fonts#AboutPlace:about\" target=\"_blank\" rel=\"noreferrer noopener\">www.google.com\/fonts#AboutPlace:about<\/a><br><a href=\"https:\/\/www.google.com\/policies\/privacy\/\" target=\"_blank\" rel=\"noreferrer noopener\">www.google.com\/policies\/privacy\/<\/a><\/p>\n\n\n\n<h3 class=\"wp-block-heading\" id=\"emojis\">Emojis<\/h3>\n\n\n\n<p>WordPress Emoji ist ein Emoji-Set, das von wordpress.org geladen wird. Es werden keine Cookies im technischen Sinne auf dem Client des Nutzers gesetzt, jedoch werden technische und personenbezogene Daten wie die IP-Adresse vom Client an den Server des Dienstanbieters \u00fcbertragen, um die Nutzung des Dienstes zu erm\u00f6glichen.<strong> <\/strong>Die Verwendung erfolgt auf gesetzlicher Grundlage der Einwilligung.<\/p>\n\n\n\n<h2 class=\"wp-block-heading\" id=\"cookies\">Cookies<\/h2>\n\n\n\n<h3 class=\"wp-block-heading\" id=\"real-cookie-banner\">Real Cookie Banner<\/h3>\n\n\n\n<p>Real Cookie Banner bittet Website-Besucher*innen um die Einwilligung zum Setzen von Cookies und zur Verarbeitung personenbezogener Daten. Dazu wird jeder*m Website-Besucherin eine UUID (pseudonyme Identifikation des Nutzers) zugewiesen, die bis zum Ablauf des Cookies zur Speicherung der Einwilligung g\u00fcltig ist. Cookies werden dazu verwendet, um zu testen, ob Cookies gesetzt werden k\u00f6nnen, um Referenz auf die dokumentierte Einwilligung zu speichern, um zu speichern, in welche Services aus welchen Service-Gruppen der Besucher eingewilligt hat, und, falls Einwilligung nach dem Transparency &amp; Consent Framework (TCF) eingeholt werden, um die Einwilligungen in TCF Partner, Zwecke, besondere Zwecke, Funktionen und besondere Funktionen zu speichern. Im Rahmen der Darlegungspflicht nach DSGVO wird die erhobene Einwilligung vollumf\u00e4nglich dokumentiert. Dazu z\u00e4hlt neben den Services und Service-Gruppen, in welche die*der Besucher*in eingewilligt hat, und falls Einwilligung nach dem TCF Standard eingeholt werden, in welche TCF Partner, Zwecke und Funktionen die*der Besucher*in eingewilligt hat, alle Einstellungen des Cookie Banners zum Zeitpunkt der Einwilligung als auch die technischen Umst\u00e4nde (z.B. Gr\u00f6\u00dfe des Sichtbereichs bei der Einwilligung) und die Interaktionen (z.B. Klick auf Buttons), die zur Einwilligung gef\u00fchrt haben. Die Einwilligung wird pro Sprache einmal erhoben. Die Verwendung erfolgt auf der gesetzlichen Grundlage der\u00a0Erf\u00fcllung einer rechtlichen Verpflichtung.<\/p>\n\n\n\n<h3 class=\"wp-block-heading\" id=\"vg-wort\">VG Wort<\/h3>\n\n\n\n<p>Ich setze \u201eSession-Cookies\u201c der VG Wort, M\u00fcnchen, zur Messung von Zugriffen auf Texten ein, um die Kopierwahrscheinlichkeit zu erfassen. Session-Cookies sind kleine Informationseinheiten, die ein Anbieter im Arbeitsspeicher des Computers des Besuchers speichert. In einem Session-Cookie wird eine zuf\u00e4llig erzeugte eindeutige Identifikationsnummer abgelegt, eine sogenannte Session-ID. Au\u00dferdem enth\u00e4lt ein Cookie die Angabe \u00fcber seine Herkunft und die Speicherfrist. Session-Cookies k\u00f6nnen keine anderen Daten speichern. Diese Messungen werden von der Kantar Germany GmbH nach dem Skalierbaren Zentralen Messverfahren (SZM) durchgef\u00fchrt. Sie helfen dabei, die Kopierwahrscheinlichkeit einzelner Texte zur Verg\u00fctung von gesetzlichen Anspr\u00fcchen von Autoren und Verlagen zu ermitteln. Es werden dadurch keine personenbezogenen Daten \u00fcber Cookies erfasst.<\/p>\n\n\n\n<h4 class=\"wp-block-heading\" id=\"datenschutzerklarung-zur-nutzung-des-skalierbaren-zentralen-messverfahrens\">Datenschutzerkl\u00e4rung zur Nutzung des Skalierbaren Zentralen Messverfahrens<\/h4>\n\n\n\n<p>Diese Website nutzt das \u201eSkalierbare Zentrale Messverfahren\u201c (SZM) der Kantar Germany GmbH f\u00fcr die Ermittlung statistischer Kennwerte zur Ermittlung der Kopierwahrscheinlichkeit von Texten.<\/p>\n\n\n\n<p>Dabei werden anonyme Messwerte erhoben. Die Zugriffszahlenmessung verwendet zur Wiedererkennung von Computersystemen alternativ ein Session-Cookie oder eine Signatur, die aus verschiedenen automatisch \u00fcbertragenen Informationen Ihres Browsers erstellt wird. IP-Adressen werden nur in anonymisierter Form verarbeitet.<\/p>\n\n\n\n<p>Das Verfahren wurde unter der Beachtung des Datenschutzes entwickelt. Einziges Ziel des Verfahrens ist es, die Kopierwahrscheinlichkeit einzelner Texte zu ermitteln.<\/p>\n\n\n\n<p>Zu keinem Zeitpunkt werden einzelne Nutzer identifiziert. Ihre Identit\u00e4t bleibt immer gesch\u00fctzt. Sie erhalten \u00fcber das System keine Werbung.<\/p>\n\n\n\n<h2 class=\"wp-block-heading\" id=\"umgang-mit-kontaktdaten\">Umgang mit Kontaktdaten<\/h2>\n\n\n\n<p>Nehmen Sie mit mir als Websitebetreiberin durch die angebotenen Kontaktm\u00f6glichkeiten Verbindung auf, werden Ihre Angaben gespeichert, damit auf diese zur Bearbeitung und Beantwortung Ihrer Anfrage zur\u00fcckgegriffen werden kann. Ohne Ihre Einwilligung werden diese Daten nicht an Dritte weitergegeben.<\/p>\n\n\n\n<h2 class=\"wp-block-heading\" id=\"rechte-von-nutzer-innen\">Rechte von Nutzer*innen<\/h2>\n\n\n\n<p>Sie haben als Nutzer das Recht, auf Antrag eine kostenlose Auskunft dar\u00fcber zu erhalten, welche personenbezogenen Daten \u00fcber Sie gespeichert wurden. Sie haben au\u00dferdem das Recht auf Berichtigung falscher Daten und auf die Verarbeitungseinschr\u00e4nkung oder L\u00f6schung Ihrer personenbezogenen Daten. Falls zutreffend, k\u00f6nnen Sie auch Ihr Recht auf Datenportabilit\u00e4t geltend machen. Sollten Sie annehmen, dass Ihre Daten unrechtm\u00e4\u00dfig verarbeitet wurden, k\u00f6nnen Sie eine Beschwerde bei der zust\u00e4ndigen Aufsichtsbeh\u00f6rde einreichen.<\/p>\n\n\n\n<h3 class=\"wp-block-heading\" id=\"loschung-von-daten\">L\u00f6schung von Daten<\/h3>\n\n\n\n<p>Sofern Ihr Wunsch nicht mit einer gesetzlichen Pflicht zur Aufbewahrung von Daten (z. B. Vorratsdatenspeicherung) kollidiert, haben Sie ein Anrecht auf L\u00f6schung Ihrer Daten. Von uns gespeicherte Daten werden, sollten sie f\u00fcr ihre Zweckbestimmung nicht mehr vonn\u00f6ten sein und es keine gesetzlichen Aufbewahrungsfristen geben, gel\u00f6scht. Falls eine L\u00f6schung nicht durchgef\u00fchrt werden kann, da die Daten f\u00fcr zul\u00e4ssige gesetzliche Zwecke erforderlich sind, erfolgt eine Einschr\u00e4nkung der Datenverarbeitung. In diesem Fall werden die Daten gesperrt und nicht f\u00fcr andere Zwecke verarbeitet.<\/p>\n\n\n\n<h3 class=\"wp-block-heading\" id=\"widerspruchsrecht\">Widerspruchsrecht<\/h3>\n\n\n\n<p>Nutzer*innen dieser Webseite k\u00f6nnen von ihrem Widerspruchsrecht Gebrauch machen und der Verarbeitung ihrer personenbezogenen Daten zu jeder Zeit widersprechen.<\/p>\n\n\n\n<p>Wenn Sie eine Berichtigung, Sperrung, L\u00f6schung oder Auskunft \u00fcber die zu Ihrer Person gespeicherten personenbezogenen Daten w\u00fcnschen oder Fragen bzgl. der Erhebung, Verarbeitung oder Verwendung Ihrer personenbezogenen Daten haben oder erteilte Einwilligungen widerrufen m\u00f6chten, wenden Sie sich bitte an folgende E-Mail-Adresse: kontakt[at]die-lautmalerei.de.<\/p>\n","protected":false},"excerpt":{"rendered":"<p>Grundlegendes Diese Datenschutzerkl\u00e4rung soll die Nutzer dieser Website \u00fcber die Art, den Umfang und den Zweck der Erhebung und Verwendung&hellip; <\/p>\n","protected":false},"author":1,"featured_media":0,"parent":0,"menu_order":0,"comment_status":"closed","ping_status":"open","template":"","meta":{"footnotes":""},"class_list":["post-3","page","type-page","status-publish","hentry"],"yoast_head":"<!-- This site is optimized with the Yoast SEO plugin v27.5 - https:\/\/yoast.com\/product\/yoast-seo-wordpress\/ -->\n<title>Datenschutzerkl\u00e4rung - Die Lautmalerei<\/title>\n<meta name=\"robots\" content=\"index, follow, max-snippet:-1, max-image-preview:large, max-video-preview:-1\" \/>\n<link rel=\"canonical\" href=\"https:\/\/www.die-lautmalerei.de\/?page_id=3\" \/>\n<meta property=\"og:locale\" content=\"de_DE\" \/>\n<meta property=\"og:type\" content=\"article\" \/>\n<meta property=\"og:title\" content=\"Datenschutzerkl\u00e4rung - Die Lautmalerei\" \/>\n<meta property=\"og:description\" content=\"Grundlegendes Diese Datenschutzerkl\u00e4rung soll die Nutzer dieser Website \u00fcber die Art, den Umfang und den Zweck der Erhebung und Verwendung&hellip;\" \/>\n<meta property=\"og:url\" content=\"https:\/\/www.die-lautmalerei.de\/?page_id=3\" \/>\n<meta property=\"og:site_name\" content=\"Die Lautmalerei\" \/>\n<meta property=\"article:modified_time\" content=\"2022-01-31T16:13:28+00:00\" \/>\n<meta name=\"twitter:card\" content=\"summary_large_image\" \/>\n<meta name=\"twitter:label1\" content=\"Gesch\u00e4tzte Lesezeit\" \/>\n\t<meta name=\"twitter:data1\" content=\"7\u00a0Minuten\" \/>\n<script type=\"application\/ld+json\" class=\"yoast-schema-graph\">{\"@context\":\"https:\\\/\\\/schema.org\",\"@graph\":[{\"@type\":\"WebPage\",\"@id\":\"https:\\\/\\\/www.die-lautmalerei.de\\\/?page_id=3\",\"url\":\"https:\\\/\\\/www.die-lautmalerei.de\\\/?page_id=3\",\"name\":\"Datenschutzerkl\u00e4rung - Die Lautmalerei\",\"isPartOf\":{\"@id\":\"https:\\\/\\\/www.die-lautmalerei.de\\\/#website\"},\"datePublished\":\"2020-04-21T20:11:18+00:00\",\"dateModified\":\"2022-01-31T16:13:28+00:00\",\"breadcrumb\":{\"@id\":\"https:\\\/\\\/www.die-lautmalerei.de\\\/?page_id=3#breadcrumb\"},\"inLanguage\":\"de\",\"potentialAction\":[{\"@type\":\"ReadAction\",\"target\":[\"https:\\\/\\\/www.die-lautmalerei.de\\\/?page_id=3\"]}]},{\"@type\":\"BreadcrumbList\",\"@id\":\"https:\\\/\\\/www.die-lautmalerei.de\\\/?page_id=3#breadcrumb\",\"itemListElement\":[{\"@type\":\"ListItem\",\"position\":1,\"name\":\"Startseite\",\"item\":\"https:\\\/\\\/www.die-lautmalerei.de\\\/\"},{\"@type\":\"ListItem\",\"position\":2,\"name\":\"Datenschutzerkl\u00e4rung\"}]},{\"@type\":\"WebSite\",\"@id\":\"https:\\\/\\\/www.die-lautmalerei.de\\\/#website\",\"url\":\"https:\\\/\\\/www.die-lautmalerei.de\\\/\",\"name\":\"Die Lautmalerei\",\"description\":\"Lektorat und Text\",\"potentialAction\":[{\"@type\":\"SearchAction\",\"target\":{\"@type\":\"EntryPoint\",\"urlTemplate\":\"https:\\\/\\\/www.die-lautmalerei.de\\\/?s={search_term_string}\"},\"query-input\":{\"@type\":\"PropertyValueSpecification\",\"valueRequired\":true,\"valueName\":\"search_term_string\"}}],\"inLanguage\":\"de\"}]}<\/script>\n<!-- \/ Yoast SEO plugin. -->","yoast_head_json":{"title":"Datenschutzerkl\u00e4rung - Die Lautmalerei","robots":{"index":"index","follow":"follow","max-snippet":"max-snippet:-1","max-image-preview":"max-image-preview:large","max-video-preview":"max-video-preview:-1"},"canonical":"https:\/\/www.die-lautmalerei.de\/?page_id=3","og_locale":"de_DE","og_type":"article","og_title":"Datenschutzerkl\u00e4rung - Die Lautmalerei","og_description":"Grundlegendes Diese Datenschutzerkl\u00e4rung soll die Nutzer dieser Website \u00fcber die Art, den Umfang und den Zweck der Erhebung und Verwendung&hellip;","og_url":"https:\/\/www.die-lautmalerei.de\/?page_id=3","og_site_name":"Die Lautmalerei","article_modified_time":"2022-01-31T16:13:28+00:00","twitter_card":"summary_large_image","twitter_misc":{"Gesch\u00e4tzte Lesezeit":"7\u00a0Minuten"},"schema":{"@context":"https:\/\/schema.org","@graph":[{"@type":"WebPage","@id":"https:\/\/www.die-lautmalerei.de\/?page_id=3","url":"https:\/\/www.die-lautmalerei.de\/?page_id=3","name":"Datenschutzerkl\u00e4rung - Die Lautmalerei","isPartOf":{"@id":"https:\/\/www.die-lautmalerei.de\/#website"},"datePublished":"2020-04-21T20:11:18+00:00","dateModified":"2022-01-31T16:13:28+00:00","breadcrumb":{"@id":"https:\/\/www.die-lautmalerei.de\/?page_id=3#breadcrumb"},"inLanguage":"de","potentialAction":[{"@type":"ReadAction","target":["https:\/\/www.die-lautmalerei.de\/?page_id=3"]}]},{"@type":"BreadcrumbList","@id":"https:\/\/www.die-lautmalerei.de\/?page_id=3#breadcrumb","itemListElement":[{"@type":"ListItem","position":1,"name":"Startseite","item":"https:\/\/www.die-lautmalerei.de\/"},{"@type":"ListItem","position":2,"name":"Datenschutzerkl\u00e4rung"}]},{"@type":"WebSite","@id":"https:\/\/www.die-lautmalerei.de\/#website","url":"https:\/\/www.die-lautmalerei.de\/","name":"Die Lautmalerei","description":"Lektorat und Text","potentialAction":[{"@type":"SearchAction","target":{"@type":"EntryPoint","urlTemplate":"https:\/\/www.die-lautmalerei.de\/?s={search_term_string}"},"query-input":{"@type":"PropertyValueSpecification","valueRequired":true,"valueName":"search_term_string"}}],"inLanguage":"de"}]}},"_links":{"self":[{"href":"https:\/\/www.die-lautmalerei.de\/index.php?rest_route=\/wp\/v2\/pages\/3","targetHints":{"allow":["GET"]}}],"collection":[{"href":"https:\/\/www.die-lautmalerei.de\/index.php?rest_route=\/wp\/v2\/pages"}],"about":[{"href":"https:\/\/www.die-lautmalerei.de\/index.php?rest_route=\/wp\/v2\/types\/page"}],"author":[{"embeddable":true,"href":"https:\/\/www.die-lautmalerei.de\/index.php?rest_route=\/wp\/v2\/users\/1"}],"replies":[{"embeddable":true,"href":"https:\/\/www.die-lautmalerei.de\/index.php?rest_route=%2Fwp%2Fv2%2Fcomments&post=3"}],"version-history":[{"count":10,"href":"https:\/\/www.die-lautmalerei.de\/index.php?rest_route=\/wp\/v2\/pages\/3\/revisions"}],"predecessor-version":[{"id":385,"href":"https:\/\/www.die-lautmalerei.de\/index.php?rest_route=\/wp\/v2\/pages\/3\/revisions\/385"}],"wp:attachment":[{"href":"https:\/\/www.die-lautmalerei.de\/index.php?rest_route=%2Fwp%2Fv2%2Fmedia&parent=3"}],"curies":[{"name":"wp","href":"https:\/\/api.w.org\/{rel}","templated":true}]}}